{"id":31,"date":"2021-06-30T16:41:40","date_gmt":"2021-06-30T14:41:40","guid":{"rendered":"http:\/\/integration-reflexes.fr\/?page_id=31"},"modified":"2024-07-15T16:26:57","modified_gmt":"2024-07-15T14:26:57","slug":"contact","status":"publish","type":"page","link":"https:\/\/integration-reflexes.fr\/?page_id=31","title":{"rendered":"Contact"},"content":{"rendered":"\n<h2 class=\"has-text-align-center wp-block-heading\" id=\"sophie-capon\">Sophie Capon<\/h2>\n\n\n<p><center><a target=\"_blank\" href=\"https:\/\/www.resalib.fr\/praticien\/45284-sophie-capon-praticien-en-integration-des-reflexes-archaiques-bouguenais\" rel=\"noopener\"><img data-opt-id=1941621331  fetchpriority=\"high\" decoding=\"async\" style=\"box-shadow: 1px 3px 12px #555; border-radius:10px;\" width=\"350\" alt=\"Consulter le profil de Sophie Capon sur sur Resalib : annuaire, r\u00e9f\u00e9rencement et prise de rendez-vous pour les Praticiens en int\u00e9gration des R\u00e9flexes Archa\u00efques\" src=\"https:\/\/www.resalib.fr\/app\/images\/generate\/fbk_45284.png\"><\/a><\/center><\/p>\n\n\n\n<div style=\"height:100px\" aria-hidden=\"true\" class=\"wp-block-spacer\"><\/div>\n\n\n\n<div class=\"wp-block-columns is-layout-flex wp-container-core-columns-is-layout-2 wp-block-columns-is-layout-flex\">\n<div class=\"wp-block-column is-layout-flow wp-block-column-is-layout-flow\" style=\"flex-basis:100%\">\n<div class=\"wp-block-columns is-layout-flex wp-container-core-columns-is-layout-1 wp-block-columns-is-layout-flex\">\n<div class=\"wp-block-column is-layout-flow wp-block-column-is-layout-flow\">\n<p>Praticienne en int\u00e9gration des r\u00e9flexes archa\u00efques<\/p>\n\n\n\n<p>La Maison des Colibris<\/p>\n\n\n\n<p>77 ter rue Jean Mermoz<br>44340 BOUGUENAIS<\/p>\n\n\n\n<p>sophie.capon@integration-reflexes.fr<br>02 85 52 25 96<\/p>\n\n\n\n<p><strong>Jours d&rsquo;ouverture:<\/strong><\/p>\n\n\n\n<p>Lundi &#8211; Mardi &#8211; Mercredi &#8211; Vendredi<\/p>\n<\/div>\n\n\n\n<div class=\"wp-block-column is-vertically-aligned-center is-layout-flow wp-block-column-is-layout-flow\">\n<p class=\"has-text-align-center has-white-color has-accent-background-color has-text-color has-background\">Une question ? Besoin d&rsquo;un renseignement ?<\/p>\n\n\n\n<p>N&rsquo;h\u00e9sitez pas \u00e0 laisser vos coordonn\u00e9es et je vous recontacterai au plus vite. <\/p>\n\n\n<\/div>\n<\/div>\n<\/div>\n<\/div>\n\n\n<div style=\"height:400pxpx;\" class=\"wp-block-themeisle-blocks-leaflet-map\" id=\"wp-block-themeisle-blocks-map-12668d7b\"><\/div>\n<script type=\"text\/javascript\">\n\t\/* <![CDATA[ *\/\n\t\tif ( ! window.themeisleLeafletMaps ) window.themeisleLeafletMaps =[];\n\t\twindow.themeisleLeafletMaps.push( { container: \"wp-block-themeisle-blocks-map-12668d7b\", attributes: {\"id\":\"wp-block-themeisle-blocks-map-12668d7b\",\"location\":\"77ter rue jean mermoz 44340 Bouguenais france\",\"latitude\":\"47.18104272458462\",\"longitude\":\"-1.576570272445679\",\"bbox\":\"-1.5810763835906985,47.179584260838105,-1.5720641613006594,47.182501148267264\",\"zoom\":17,\"markers\":[{\"id\":\"de1bb3cc-2ecd-456a-9dd8-6adfdbb9ca30\",\"latitude\":47.18037183623714,\"longitude\":-1.5755939483642578,\"title\":\"Sophie Capon - la maison des colibris\",\"description\":\"\",\"location\":\"77 ter rue jean mermoz 44340 Bouguenais\"}],\"height\":\"400px\",\"zoomControl\":true,\"draggable\":true,\"hasCustomCSS\":false,\"customCSS\":\"\",\"otterConditions\":[]} } );\n\t\/* ]]> *\/\n<\/script>\n\n\n\n<div class=\"wp-block-columns is-layout-flex wp-container-core-columns-is-layout-3 wp-block-columns-is-layout-flex\">\n<div class=\"wp-block-column is-layout-flow wp-block-column-is-layout-flow\">\n<figure class=\"wp-block-image size-large\"><img data-opt-id=397166260  fetchpriority=\"high\" decoding=\"async\" width=\"1024\" height=\"577\" src=\"https:\/\/mlrytvlytdru.i.optimole.com\/w:1024\/h:577\/q:mauto\/ig:avif\/https:\/\/integration-reflexes.fr\/wp-content\/uploads\/2023\/07\/P1045287-1.jpg\" alt=\"\" class=\"wp-image-923\" srcset=\"https:\/\/mlrytvlytdru.i.optimole.com\/w:1024\/h:577\/q:mauto\/ig:avif\/https:\/\/integration-reflexes.fr\/wp-content\/uploads\/2023\/07\/P1045287-1-scaled.jpg 1024w, https:\/\/mlrytvlytdru.i.optimole.com\/w:300\/h:169\/q:mauto\/ig:avif\/https:\/\/integration-reflexes.fr\/wp-content\/uploads\/2023\/07\/P1045287-1-scaled.jpg 300w, https:\/\/mlrytvlytdru.i.optimole.com\/w:768\/h:433\/q:mauto\/ig:avif\/https:\/\/integration-reflexes.fr\/wp-content\/uploads\/2023\/07\/P1045287-1-scaled.jpg 768w, https:\/\/mlrytvlytdru.i.optimole.com\/w:1536\/h:865\/q:mauto\/ig:avif\/https:\/\/integration-reflexes.fr\/wp-content\/uploads\/2023\/07\/P1045287-1-scaled.jpg 1536w, https:\/\/mlrytvlytdru.i.optimole.com\/w:1916\/h:1080\/q:mauto\/ig:avif\/https:\/\/integration-reflexes.fr\/wp-content\/uploads\/2023\/07\/P1045287-1-scaled.jpg 2048w, https:\/\/mlrytvlytdru.i.optimole.com\/w:206\/h:116\/q:mauto\/ig:avif\/https:\/\/integration-reflexes.fr\/wp-content\/uploads\/2023\/07\/P1045287-1-scaled.jpg 206w\" sizes=\"(max-width: 750px) 100vw, 750px\" \/><figcaption>La Maison des Colibris<\/figcaption><\/figure>\n<\/div>\n\n\n\n<div class=\"wp-block-column is-layout-flow wp-block-column-is-layout-flow\">\n<figure class=\"wp-block-image size-large\"><img data-opt-id=1184273014  data-opt-src=\"https:\/\/mlrytvlytdru.i.optimole.com\/w:1024\/h:683\/q:mauto\/ig:avif\/https:\/\/integration-reflexes.fr\/wp-content\/uploads\/2024\/07\/0012_LMDI9807_WEB.jpg\"  decoding=\"async\" width=\"1024\" height=\"683\" src=\"data:image/svg+xml,%3Csvg%20viewBox%3D%220%200%201024%20683%22%20width%3D%221024%22%20height%3D%22683%22%20xmlns%3D%22http%3A%2F%2Fwww.w3.org%2F2000%2Fsvg%22%3E%3Crect%20width%3D%221024%22%20height%3D%22683%22%20fill%3D%22transparent%22%2F%3E%3C%2Fsvg%3E\" alt=\"\" class=\"wp-image-987\" old-srcset=\"https:\/\/mlrytvlytdru.i.optimole.com\/w:1024\/h:683\/q:mauto\/ig:avif\/https:\/\/integration-reflexes.fr\/wp-content\/uploads\/2024\/07\/0012_LMDI9807_WEB.jpg 1024w, https:\/\/mlrytvlytdru.i.optimole.com\/w:300\/h:200\/q:mauto\/ig:avif\/https:\/\/integration-reflexes.fr\/wp-content\/uploads\/2024\/07\/0012_LMDI9807_WEB.jpg 300w, https:\/\/mlrytvlytdru.i.optimole.com\/w:768\/h:512\/q:mauto\/ig:avif\/https:\/\/integration-reflexes.fr\/wp-content\/uploads\/2024\/07\/0012_LMDI9807_WEB.jpg 768w, https:\/\/mlrytvlytdru.i.optimole.com\/w:360\/h:240\/q:mauto\/ig:avif\/https:\/\/integration-reflexes.fr\/wp-content\/uploads\/2024\/07\/0012_LMDI9807_WEB.jpg 360w, https:\/\/mlrytvlytdru.i.optimole.com\/w:174\/h:116\/q:mauto\/ig:avif\/https:\/\/integration-reflexes.fr\/wp-content\/uploads\/2024\/07\/0012_LMDI9807_WEB.jpg 174w, https:\/\/mlrytvlytdru.i.optimole.com\/w:1536\/h:1024\/q:mauto\/ig:avif\/https:\/\/integration-reflexes.fr\/wp-content\/uploads\/2024\/07\/0012_LMDI9807_WEB.jpg 1536w\" \/><figcaption>Le cabinet<\/figcaption><\/figure>\n<\/div>\n\n\n\n<div class=\"wp-block-column is-layout-flow wp-block-column-is-layout-flow\">\n<figure class=\"wp-block-image size-large\"><img data-opt-id=683248953  data-opt-src=\"https:\/\/mlrytvlytdru.i.optimole.com\/w:1024\/h:683\/q:mauto\/ig:avif\/https:\/\/integration-reflexes.fr\/wp-content\/uploads\/2024\/07\/0003_LMDI9813_WEB.jpg\"  decoding=\"async\" src=\"data:image/svg+xml,%3Csvg%20viewBox%3D%220%200%201024%20683%22%20width%3D%221024%22%20height%3D%22683%22%20xmlns%3D%22http%3A%2F%2Fwww.w3.org%2F2000%2Fsvg%22%3E%3Crect%20width%3D%221024%22%20height%3D%22683%22%20fill%3D%22transparent%22%2F%3E%3C%2Fsvg%3E\" alt=\"\" class=\"wp-image-985\"\/><\/figure>\n<\/div>\n<\/div>\n\n\n\n<p>Retrouvez l&rsquo;int\u00e9gration r\u00e9flexes sur les r\u00e9seaux sociaux: <\/p>\n\n\n\n<ul class=\"wp-block-social-links is-layout-flex wp-block-social-links-is-layout-flex\"><li class=\"wp-social-link wp-social-link-instagram  wp-block-social-link\"><a href=\"https:\/\/www.instagram.com\/integration_reflexes_nantes\/?hl=fr\" class=\"wp-block-social-link-anchor\"><svg width=\"24\" height=\"24\" viewBox=\"0 0 24 24\" version=\"1.1\" xmlns=\"http:\/\/www.w3.org\/2000\/svg\" aria-hidden=\"true\" focusable=\"false\"><path d=\"M12,4.622c2.403,0,2.688,0.009,3.637,0.052c0.877,0.04,1.354,0.187,1.671,0.31c0.42,0.163,0.72,0.358,1.035,0.673 c0.315,0.315,0.51,0.615,0.673,1.035c0.123,0.317,0.27,0.794,0.31,1.671c0.043,0.949,0.052,1.234,0.052,3.637 s-0.009,2.688-0.052,3.637c-0.04,0.877-0.187,1.354-0.31,1.671c-0.163,0.42-0.358,0.72-0.673,1.035 c-0.315,0.315-0.615,0.51-1.035,0.673c-0.317,0.123-0.794,0.27-1.671,0.31c-0.949,0.043-1.233,0.052-3.637,0.052 s-2.688-0.009-3.637-0.052c-0.877-0.04-1.354-0.187-1.671-0.31c-0.42-0.163-0.72-0.358-1.035-0.673 c-0.315-0.315-0.51-0.615-0.673-1.035c-0.123-0.317-0.27-0.794-0.31-1.671C4.631,14.688,4.622,14.403,4.622,12 s0.009-2.688,0.052-3.637c0.04-0.877,0.187-1.354,0.31-1.671c0.163-0.42,0.358-0.72,0.673-1.035 c0.315-0.315,0.615-0.51,1.035-0.673c0.317-0.123,0.794-0.27,1.671-0.31C9.312,4.631,9.597,4.622,12,4.622 M12,3 C9.556,3,9.249,3.01,8.289,3.054C7.331,3.098,6.677,3.25,6.105,3.472C5.513,3.702,5.011,4.01,4.511,4.511 c-0.5,0.5-0.808,1.002-1.038,1.594C3.25,6.677,3.098,7.331,3.054,8.289C3.01,9.249,3,9.556,3,12c0,2.444,0.01,2.751,0.054,3.711 c0.044,0.958,0.196,1.612,0.418,2.185c0.23,0.592,0.538,1.094,1.038,1.594c0.5,0.5,1.002,0.808,1.594,1.038 c0.572,0.222,1.227,0.375,2.185,0.418C9.249,20.99,9.556,21,12,21s2.751-0.01,3.711-0.054c0.958-0.044,1.612-0.196,2.185-0.418 c0.592-0.23,1.094-0.538,1.594-1.038c0.5-0.5,0.808-1.002,1.038-1.594c0.222-0.572,0.375-1.227,0.418-2.185 C20.99,14.751,21,14.444,21,12s-0.01-2.751-0.054-3.711c-0.044-0.958-0.196-1.612-0.418-2.185c-0.23-0.592-0.538-1.094-1.038-1.594 c-0.5-0.5-1.002-0.808-1.594-1.038c-0.572-0.222-1.227-0.375-2.185-0.418C14.751,3.01,14.444,3,12,3L12,3z M12,7.378 c-2.552,0-4.622,2.069-4.622,4.622S9.448,16.622,12,16.622s4.622-2.069,4.622-4.622S14.552,7.378,12,7.378z M12,15 c-1.657,0-3-1.343-3-3s1.343-3,3-3s3,1.343,3,3S13.657,15,12,15z M16.804,6.116c-0.596,0-1.08,0.484-1.08,1.08 s0.484,1.08,1.08,1.08c0.596,0,1.08-0.484,1.08-1.08S17.401,6.116,16.804,6.116z\"><\/path><\/svg><span class=\"wp-block-social-link-label screen-reader-text\">Instagram<\/span><\/a><\/li>\n\n<li class=\"wp-social-link wp-social-link-facebook  wp-block-social-link\"><a href=\"https:\/\/www.facebook.com\/integration.reflexes.nantes\" class=\"wp-block-social-link-anchor\"><svg width=\"24\" height=\"24\" viewBox=\"0 0 24 24\" version=\"1.1\" xmlns=\"http:\/\/www.w3.org\/2000\/svg\" aria-hidden=\"true\" focusable=\"false\"><path d=\"M12 2C6.5 2 2 6.5 2 12c0 5 3.7 9.1 8.4 9.9v-7H7.9V12h2.5V9.8c0-2.5 1.5-3.9 3.8-3.9 1.1 0 2.2.2 2.2.2v2.5h-1.3c-1.2 0-1.6.8-1.6 1.6V12h2.8l-.4 2.9h-2.3v7C18.3 21.1 22 17 22 12c0-5.5-4.5-10-10-10z\"><\/path><\/svg><span class=\"wp-block-social-link-label screen-reader-text\">Facebook<\/span><\/a><\/li><\/ul>\n","protected":false},"excerpt":{"rendered":"<p>Sophie Capon Praticienne en int\u00e9gration des r\u00e9flexes archa\u00efques La Maison des Colibris 77 ter rue Jean Mermoz44340 BOUGUENAIS sophie.capon@integration-reflexes.fr02 85 52 25 96 Jours d&rsquo;ouverture: Lundi &#8211; Mardi &#8211; Mercredi &#8211; Vendredi Une question ? Besoin d&rsquo;un renseignement ? N&rsquo;h\u00e9sitez pas \u00e0 laisser vos coordonn\u00e9es et je vous recontacterai au [&hellip;]<\/p>\n","protected":false},"author":1,"featured_media":0,"parent":0,"menu_order":0,"comment_status":"closed","ping_status":"closed","template":"","meta":{"_themeisle_gutenberg_block_has_review":false,"footnotes":""},"class_list":["post-31","page","type-page","status-publish","hentry"],"yoast_head":"<!-- This site is optimized with the Yoast SEO plugin v25.5 - https:\/\/yoast.com\/wordpress\/plugins\/seo\/ -->\n<title>Contact - L&#039;int\u00e9gration des r\u00e9flexes archa\u00efques<\/title>\n<meta name=\"robots\" content=\"index, follow, max-snippet:-1, max-image-preview:large, max-video-preview:-1\" \/>\n<link rel=\"canonical\" href=\"https:\/\/integration-reflexes.fr\/?page_id=31\" \/>\n<meta property=\"og:locale\" content=\"fr_FR\" \/>\n<meta property=\"og:type\" content=\"article\" \/>\n<meta property=\"og:title\" content=\"Contact - L&#039;int\u00e9gration des r\u00e9flexes archa\u00efques\" \/>\n<meta property=\"og:description\" content=\"Sophie Capon Praticienne en int\u00e9gration des r\u00e9flexes archa\u00efques La Maison des Colibris 77 ter rue Jean Mermoz44340 BOUGUENAIS sophie.capon@integration-reflexes.fr02 85 52 25 96 Jours d&rsquo;ouverture: Lundi &#8211; Mardi &#8211; Mercredi &#8211; Vendredi Une question ? Besoin d&rsquo;un renseignement ? N&rsquo;h\u00e9sitez pas \u00e0 laisser vos coordonn\u00e9es et je vous recontacterai au [&hellip;]\" \/>\n<meta property=\"og:url\" content=\"https:\/\/integration-reflexes.fr\/?page_id=31\" \/>\n<meta property=\"og:site_name\" content=\"L&#039;int\u00e9gration des r\u00e9flexes archa\u00efques\" \/>\n<meta property=\"article:modified_time\" content=\"2024-07-15T14:26:57+00:00\" \/>\n<meta property=\"og:image\" content=\"https:\/\/www.resalib.fr\/app\/images\/generate\/fbk_45284.png\" \/>\n<meta name=\"twitter:card\" content=\"summary_large_image\" \/>\n<script type=\"application\/ld+json\" class=\"yoast-schema-graph\">{\"@context\":\"https:\/\/schema.org\",\"@graph\":[{\"@type\":\"WebPage\",\"@id\":\"https:\/\/integration-reflexes.fr\/?page_id=31\",\"url\":\"https:\/\/integration-reflexes.fr\/?page_id=31\",\"name\":\"Contact - L&#039;int\u00e9gration des r\u00e9flexes archa\u00efques\",\"isPartOf\":{\"@id\":\"https:\/\/integration-reflexes.fr\/#website\"},\"primaryImageOfPage\":{\"@id\":\"https:\/\/integration-reflexes.fr\/?page_id=31#primaryimage\"},\"image\":{\"@id\":\"https:\/\/integration-reflexes.fr\/?page_id=31#primaryimage\"},\"thumbnailUrl\":\"https:\/\/www.resalib.fr\/app\/images\/generate\/fbk_45284.png\",\"datePublished\":\"2021-06-30T14:41:40+00:00\",\"dateModified\":\"2024-07-15T14:26:57+00:00\",\"breadcrumb\":{\"@id\":\"https:\/\/integration-reflexes.fr\/?page_id=31#breadcrumb\"},\"inLanguage\":\"fr-FR\",\"potentialAction\":[{\"@type\":\"ReadAction\",\"target\":[\"https:\/\/integration-reflexes.fr\/?page_id=31\"]}]},{\"@type\":\"ImageObject\",\"inLanguage\":\"fr-FR\",\"@id\":\"https:\/\/integration-reflexes.fr\/?page_id=31#primaryimage\",\"url\":\"https:\/\/www.resalib.fr\/app\/images\/generate\/fbk_45284.png\",\"contentUrl\":\"https:\/\/www.resalib.fr\/app\/images\/generate\/fbk_45284.png\"},{\"@type\":\"BreadcrumbList\",\"@id\":\"https:\/\/integration-reflexes.fr\/?page_id=31#breadcrumb\",\"itemListElement\":[{\"@type\":\"ListItem\",\"position\":1,\"name\":\"Accueil\",\"item\":\"https:\/\/integration-reflexes.fr\/\"},{\"@type\":\"ListItem\",\"position\":2,\"name\":\"Contact\"}]},{\"@type\":\"WebSite\",\"@id\":\"https:\/\/integration-reflexes.fr\/#website\",\"url\":\"https:\/\/integration-reflexes.fr\/\",\"name\":\"L&#039;int\u00e9gration des r\u00e9flexes archa\u00efques\",\"description\":\"Re-connecter corps et cerveau pour retrouver un \u00e9quilibre\",\"publisher\":{\"@id\":\"https:\/\/integration-reflexes.fr\/#organization\"},\"potentialAction\":[{\"@type\":\"SearchAction\",\"target\":{\"@type\":\"EntryPoint\",\"urlTemplate\":\"https:\/\/integration-reflexes.fr\/?s={search_term_string}\"},\"query-input\":{\"@type\":\"PropertyValueSpecification\",\"valueRequired\":true,\"valueName\":\"search_term_string\"}}],\"inLanguage\":\"fr-FR\"},{\"@type\":\"Organization\",\"@id\":\"https:\/\/integration-reflexes.fr\/#organization\",\"name\":\"L&#039;int\u00e9gration des r\u00e9flexes archa\u00efques\",\"url\":\"https:\/\/integration-reflexes.fr\/\",\"logo\":{\"@type\":\"ImageObject\",\"inLanguage\":\"fr-FR\",\"@id\":\"https:\/\/integration-reflexes.fr\/#\/schema\/logo\/image\/\",\"url\":\"https:\/\/mlrytvlytdru.i.optimole.com\/w:auto\/h:auto\/q:mauto\/ig:avif\/https:\/\/integration-reflexes.fr\/wp-content\/uploads\/2021\/07\/cropped-cropped-cropped-logo-IR-transparent.png\",\"contentUrl\":\"https:\/\/mlrytvlytdru.i.optimole.com\/w:auto\/h:auto\/q:mauto\/ig:avif\/https:\/\/integration-reflexes.fr\/wp-content\/uploads\/2021\/07\/cropped-cropped-cropped-logo-IR-transparent.png\",\"width\":1500,\"height\":1494,\"caption\":\"L&#039;int\u00e9gration des r\u00e9flexes archa\u00efques\"},\"image\":{\"@id\":\"https:\/\/integration-reflexes.fr\/#\/schema\/logo\/image\/\"}}]}<\/script>\n<!-- \/ Yoast SEO plugin. -->","yoast_head_json":{"title":"Contact - L&#039;int\u00e9gration des r\u00e9flexes archa\u00efques","robots":{"index":"index","follow":"follow","max-snippet":"max-snippet:-1","max-image-preview":"max-image-preview:large","max-video-preview":"max-video-preview:-1"},"canonical":"https:\/\/integration-reflexes.fr\/?page_id=31","og_locale":"fr_FR","og_type":"article","og_title":"Contact - L&#039;int\u00e9gration des r\u00e9flexes archa\u00efques","og_description":"Sophie Capon Praticienne en int\u00e9gration des r\u00e9flexes archa\u00efques La Maison des Colibris 77 ter rue Jean Mermoz44340 BOUGUENAIS sophie.capon@integration-reflexes.fr02 85 52 25 96 Jours d&rsquo;ouverture: Lundi &#8211; Mardi &#8211; Mercredi &#8211; Vendredi Une question ? Besoin d&rsquo;un renseignement ? N&rsquo;h\u00e9sitez pas \u00e0 laisser vos coordonn\u00e9es et je vous recontacterai au [&hellip;]","og_url":"https:\/\/integration-reflexes.fr\/?page_id=31","og_site_name":"L&#039;int\u00e9gration des r\u00e9flexes archa\u00efques","article_modified_time":"2024-07-15T14:26:57+00:00","og_image":[{"url":"https:\/\/www.resalib.fr\/app\/images\/generate\/fbk_45284.png","type":"","width":"","height":""}],"twitter_card":"summary_large_image","schema":{"@context":"https:\/\/schema.org","@graph":[{"@type":"WebPage","@id":"https:\/\/integration-reflexes.fr\/?page_id=31","url":"https:\/\/integration-reflexes.fr\/?page_id=31","name":"Contact - L&#039;int\u00e9gration des r\u00e9flexes archa\u00efques","isPartOf":{"@id":"https:\/\/integration-reflexes.fr\/#website"},"primaryImageOfPage":{"@id":"https:\/\/integration-reflexes.fr\/?page_id=31#primaryimage"},"image":{"@id":"https:\/\/integration-reflexes.fr\/?page_id=31#primaryimage"},"thumbnailUrl":"https:\/\/www.resalib.fr\/app\/images\/generate\/fbk_45284.png","datePublished":"2021-06-30T14:41:40+00:00","dateModified":"2024-07-15T14:26:57+00:00","breadcrumb":{"@id":"https:\/\/integration-reflexes.fr\/?page_id=31#breadcrumb"},"inLanguage":"fr-FR","potentialAction":[{"@type":"ReadAction","target":["https:\/\/integration-reflexes.fr\/?page_id=31"]}]},{"@type":"ImageObject","inLanguage":"fr-FR","@id":"https:\/\/integration-reflexes.fr\/?page_id=31#primaryimage","url":"https:\/\/www.resalib.fr\/app\/images\/generate\/fbk_45284.png","contentUrl":"https:\/\/www.resalib.fr\/app\/images\/generate\/fbk_45284.png"},{"@type":"BreadcrumbList","@id":"https:\/\/integration-reflexes.fr\/?page_id=31#breadcrumb","itemListElement":[{"@type":"ListItem","position":1,"name":"Accueil","item":"https:\/\/integration-reflexes.fr\/"},{"@type":"ListItem","position":2,"name":"Contact"}]},{"@type":"WebSite","@id":"https:\/\/integration-reflexes.fr\/#website","url":"https:\/\/integration-reflexes.fr\/","name":"L&#039;int\u00e9gration des r\u00e9flexes archa\u00efques","description":"Re-connecter corps et cerveau pour retrouver un \u00e9quilibre","publisher":{"@id":"https:\/\/integration-reflexes.fr\/#organization"},"potentialAction":[{"@type":"SearchAction","target":{"@type":"EntryPoint","urlTemplate":"https:\/\/integration-reflexes.fr\/?s={search_term_string}"},"query-input":{"@type":"PropertyValueSpecification","valueRequired":true,"valueName":"search_term_string"}}],"inLanguage":"fr-FR"},{"@type":"Organization","@id":"https:\/\/integration-reflexes.fr\/#organization","name":"L&#039;int\u00e9gration des r\u00e9flexes archa\u00efques","url":"https:\/\/integration-reflexes.fr\/","logo":{"@type":"ImageObject","inLanguage":"fr-FR","@id":"https:\/\/integration-reflexes.fr\/#\/schema\/logo\/image\/","url":"https:\/\/mlrytvlytdru.i.optimole.com\/w:auto\/h:auto\/q:mauto\/ig:avif\/https:\/\/integration-reflexes.fr\/wp-content\/uploads\/2021\/07\/cropped-cropped-cropped-logo-IR-transparent.png","contentUrl":"https:\/\/mlrytvlytdru.i.optimole.com\/w:auto\/h:auto\/q:mauto\/ig:avif\/https:\/\/integration-reflexes.fr\/wp-content\/uploads\/2021\/07\/cropped-cropped-cropped-logo-IR-transparent.png","width":1500,"height":1494,"caption":"L&#039;int\u00e9gration des r\u00e9flexes archa\u00efques"},"image":{"@id":"https:\/\/integration-reflexes.fr\/#\/schema\/logo\/image\/"}}]}},"_links":{"self":[{"href":"https:\/\/integration-reflexes.fr\/index.php?rest_route=\/wp\/v2\/pages\/31","targetHints":{"allow":["GET"]}}],"collection":[{"href":"https:\/\/integration-reflexes.fr\/index.php?rest_route=\/wp\/v2\/pages"}],"about":[{"href":"https:\/\/integration-reflexes.fr\/index.php?rest_route=\/wp\/v2\/types\/page"}],"author":[{"embeddable":true,"href":"https:\/\/integration-reflexes.fr\/index.php?rest_route=\/wp\/v2\/users\/1"}],"replies":[{"embeddable":true,"href":"https:\/\/integration-reflexes.fr\/index.php?rest_route=%2Fwp%2Fv2%2Fcomments&post=31"}],"version-history":[{"count":35,"href":"https:\/\/integration-reflexes.fr\/index.php?rest_route=\/wp\/v2\/pages\/31\/revisions"}],"predecessor-version":[{"id":988,"href":"https:\/\/integration-reflexes.fr\/index.php?rest_route=\/wp\/v2\/pages\/31\/revisions\/988"}],"wp:attachment":[{"href":"https:\/\/integration-reflexes.fr\/index.php?rest_route=%2Fwp%2Fv2%2Fmedia&parent=31"}],"curies":[{"name":"wp","href":"https:\/\/api.w.org\/{rel}","templated":true}]}}