{"id":1366,"date":"2026-04-28T10:43:17","date_gmt":"2026-04-28T08:43:17","guid":{"rendered":"https:\/\/integration-reflexes.fr\/?page_id=1366"},"modified":"2026-04-28T10:43:18","modified_gmt":"2026-04-28T08:43:18","slug":"les-reflexes-archaiques-au-service-du-lien","status":"publish","type":"page","link":"https:\/\/integration-reflexes.fr\/?page_id=1366","title":{"rendered":"Les r\u00e9flexes archa\u00efques au service du lien"},"content":{"rendered":"\n<p><strong>Renforcer la connexion avec votre enfant gr\u00e2ce \u00e0 des mouvements simples et naturels<\/strong><\/p>\n\n\n\n<figure class=\"wp-block-image size-large\"><img data-opt-id=1477053199  fetchpriority=\"high\" decoding=\"async\" width=\"724\" height=\"1024\" src=\"https:\/\/mlrytvlytdru.i.optimole.com\/cb:VgNv.8ac\/w:724\/h:1024\/q:mauto\/ig:avif\/https:\/\/integration-reflexes.fr\/wp-content\/uploads\/2026\/04\/Les-reflexes-archaiques-au-service-du-lien-2.png\" alt=\"\" class=\"wp-image-1369\" srcset=\"https:\/\/mlrytvlytdru.i.optimole.com\/cb:VgNv.8ac\/w:724\/h:1024\/q:mauto\/ig:avif\/https:\/\/integration-reflexes.fr\/wp-content\/uploads\/2026\/04\/Les-reflexes-archaiques-au-service-du-lien-2.png 724w, https:\/\/mlrytvlytdru.i.optimole.com\/cb:VgNv.8ac\/w:212\/h:300\/q:mauto\/ig:avif\/https:\/\/integration-reflexes.fr\/wp-content\/uploads\/2026\/04\/Les-reflexes-archaiques-au-service-du-lien-2.png 212w, https:\/\/mlrytvlytdru.i.optimole.com\/cb:VgNv.8ac\/w:763\/h:1080\/q:mauto\/ig:avif\/https:\/\/integration-reflexes.fr\/wp-content\/uploads\/2026\/04\/Les-reflexes-archaiques-au-service-du-lien-2.png 768w, https:\/\/mlrytvlytdru.i.optimole.com\/cb:VgNv.8ac\/w:763\/h:1080\/q:mauto\/ig:avif\/https:\/\/integration-reflexes.fr\/wp-content\/uploads\/2026\/04\/Les-reflexes-archaiques-au-service-du-lien-2.png 1086w, https:\/\/mlrytvlytdru.i.optimole.com\/cb:VgNv.8ac\/w:82\/h:116\/q:mauto\/ig:avif\/https:\/\/integration-reflexes.fr\/wp-content\/uploads\/2026\/04\/Les-reflexes-archaiques-au-service-du-lien-2.png 82w, https:\/\/mlrytvlytdru.i.optimole.com\/cb:VgNv.8ac\/w:763\/h:1080\/q:mauto\/ig:avif\/https:\/\/integration-reflexes.fr\/wp-content\/uploads\/2026\/04\/Les-reflexes-archaiques-au-service-du-lien-2.png 1414w\" sizes=\"(max-width: 724px) 100vw, 724px\" \/><\/figure>\n\n\n\n<p>Dans le cadre du week-end \u00ab\u00a0Grandir ensemble\u00a0\u00bb, organis\u00e9 par Marinella Rivi\u00e8re, je vous invite \u00e0 d\u00e9couvrir comment les r\u00e9flexes archa\u00efques peuvent devenir un outil pr\u00e9cieux pour cultiver le lien avec votre enfant. Cet atelier, \u00e0 la fois th\u00e9orique et pratique, vous permettra de mieux comprendre le d\u00e9veloppement de votre enfant et d\u2019exp\u00e9rimenter des mouvements accessibles pour l\u2019accompagner au quotidien.<\/p>\n\n\n\n<p><strong>Pourquoi participer ?<\/strong><br>Les r\u00e9flexes archa\u00efques sont des mouvements automatiques pr\u00e9sents d\u00e8s la naissance, essentiels \u00e0 l\u2019\u00e9volution motrice, \u00e9motionnelle et cognitive de l\u2019enfant. Leur int\u00e9gration harmonieuse favorise non seulement son \u00e9quilibre int\u00e9rieur, mais aussi la qualit\u00e9 de votre relation.<\/p>\n\n\n\n<p><strong>Au programme :<\/strong><\/p>\n\n\n\n<ul class=\"wp-block-list\">\n<li>D\u00e9couvrir les r\u00e9flexes archa\u00efques : leur r\u00f4le, leur fonctionnement et leur impact sur le d\u00e9veloppement de l\u2019enfant.<\/li>\n\n\n\n<li>Comprendre les enjeux d\u2019une int\u00e9gration incompl\u00e8te et ses r\u00e9percussions possibles sur le comportement ou les apprentissages.<\/li>\n\n\n\n<li>Exp\u00e9rimenter des mouvements ludiques et adapt\u00e9s \u00e0 partager avec votre enfant, quel que soit son \u00e2ge, pour renforcer votre complicit\u00e9 et l\u2019apaiser naturellement.<\/li>\n<\/ul>\n\n\n\n<p><strong>Ce que vous repartirez avec :<\/strong><\/p>\n\n\n\n<ul class=\"wp-block-list\">\n<li>Des outils concrets \u00e0 utiliser imm\u00e9diatement en famille.<\/li>\n\n\n\n<li>Un support d\u00e9taill\u00e9 envoy\u00e9 par email apr\u00e8s l\u2019atelier, r\u00e9capitulant tous les mouvements appris pour les pratiquer \u00e0 votre rythme.<\/li>\n<\/ul>\n\n\n\n<p>Un atelier pour tous les parents qui souhaitent :<br>\u2714 Mieux comprendre leur enfant \u00e0 travers son corps et ses mouvements.<br>\u2714 Cr\u00e9er des moments de connexion simples et joyeux.<br>\u2714 Accompagner son d\u00e9veloppement avec bienveillance et confiance.<\/p>\n\n\n\n<p>INFOS PRATIQUES :<\/p>\n\n\n\n<p>Lieu : Saint Fiacre Sur Maine<\/p>\n\n\n\n<p>Date : Samedi 23 mai, de 10h \u00e0 12h<\/p>\n\n\n\n<p>Tarif : 15 euros par personne<\/p>\n\n\n\n<p>Inscriptions par mail : sophie.capon@integration-reflexes.fr  (nombre de place limit\u00e9)<\/p>\n\n\n\n<figure class=\"wp-block-image size-large\"><img data-opt-id=984659240  fetchpriority=\"high\" decoding=\"async\" width=\"724\" height=\"1024\" src=\"https:\/\/mlrytvlytdru.i.optimole.com\/w:724\/h:1024\/q:mauto\/ig:avif\/https:\/\/integration-reflexes.fr\/wp-content\/uploads\/2026\/04\/Les-reflexes-archaiques-au-service-du-lien.png\" alt=\"\" class=\"wp-image-1367\" srcset=\"https:\/\/mlrytvlytdru.i.optimole.com\/w:724\/h:1024\/q:mauto\/ig:avif\/https:\/\/integration-reflexes.fr\/wp-content\/uploads\/2026\/04\/Les-reflexes-archaiques-au-service-du-lien.png 724w, https:\/\/mlrytvlytdru.i.optimole.com\/w:212\/h:300\/q:mauto\/ig:avif\/https:\/\/integration-reflexes.fr\/wp-content\/uploads\/2026\/04\/Les-reflexes-archaiques-au-service-du-lien.png 212w, https:\/\/mlrytvlytdru.i.optimole.com\/w:763\/h:1080\/q:mauto\/ig:avif\/https:\/\/integration-reflexes.fr\/wp-content\/uploads\/2026\/04\/Les-reflexes-archaiques-au-service-du-lien.png 768w, https:\/\/mlrytvlytdru.i.optimole.com\/w:763\/h:1080\/q:mauto\/ig:avif\/https:\/\/integration-reflexes.fr\/wp-content\/uploads\/2026\/04\/Les-reflexes-archaiques-au-service-du-lien.png 1086w, https:\/\/mlrytvlytdru.i.optimole.com\/w:82\/h:116\/q:mauto\/ig:avif\/https:\/\/integration-reflexes.fr\/wp-content\/uploads\/2026\/04\/Les-reflexes-archaiques-au-service-du-lien.png 82w, https:\/\/mlrytvlytdru.i.optimole.com\/w:763\/h:1080\/q:mauto\/ig:avif\/https:\/\/integration-reflexes.fr\/wp-content\/uploads\/2026\/04\/Les-reflexes-archaiques-au-service-du-lien.png 1414w\" sizes=\"(max-width: 724px) 100vw, 724px\" \/><\/figure>\n","protected":false},"excerpt":{"rendered":"<p>Renforcer la connexion avec votre enfant gr\u00e2ce \u00e0 des mouvements simples et naturels Dans le cadre du week-end \u00ab\u00a0Grandir ensemble\u00a0\u00bb, organis\u00e9 par Marinella Rivi\u00e8re, je vous invite \u00e0 d\u00e9couvrir comment les r\u00e9flexes archa\u00efques peuvent devenir un outil pr\u00e9cieux pour cultiver le lien avec votre enfant. Cet atelier, \u00e0 la fois [&hellip;]<\/p>\n","protected":false},"author":1,"featured_media":0,"parent":0,"menu_order":0,"comment_status":"closed","ping_status":"closed","template":"","meta":{"_themeisle_gutenberg_block_has_review":false,"footnotes":""},"class_list":["post-1366","page","type-page","status-publish","hentry"],"yoast_head":"<!-- This site is optimized with the Yoast SEO plugin v25.5 - https:\/\/yoast.com\/wordpress\/plugins\/seo\/ -->\n<title>Les r\u00e9flexes archa\u00efques au service du lien - L&#039;int\u00e9gration des r\u00e9flexes archa\u00efques<\/title>\n<meta name=\"robots\" content=\"index, follow, max-snippet:-1, max-image-preview:large, max-video-preview:-1\" \/>\n<link rel=\"canonical\" href=\"https:\/\/integration-reflexes.fr\/?page_id=1366\" \/>\n<meta property=\"og:locale\" content=\"fr_FR\" \/>\n<meta property=\"og:type\" content=\"article\" \/>\n<meta property=\"og:title\" content=\"Les r\u00e9flexes archa\u00efques au service du lien - L&#039;int\u00e9gration des r\u00e9flexes archa\u00efques\" \/>\n<meta property=\"og:description\" content=\"Renforcer la connexion avec votre enfant gr\u00e2ce \u00e0 des mouvements simples et naturels Dans le cadre du week-end \u00ab\u00a0Grandir ensemble\u00a0\u00bb, organis\u00e9 par Marinella Rivi\u00e8re, je vous invite \u00e0 d\u00e9couvrir comment les r\u00e9flexes archa\u00efques peuvent devenir un outil pr\u00e9cieux pour cultiver le lien avec votre enfant. Cet atelier, \u00e0 la fois [&hellip;]\" \/>\n<meta property=\"og:url\" content=\"https:\/\/integration-reflexes.fr\/?page_id=1366\" \/>\n<meta property=\"og:site_name\" content=\"L&#039;int\u00e9gration des r\u00e9flexes archa\u00efques\" \/>\n<meta property=\"article:modified_time\" content=\"2026-04-28T08:43:18+00:00\" \/>\n<meta property=\"og:image\" content=\"https:\/\/mlrytvlytdru.i.optimole.com\/cb:VgNv.8ac\/w:724\/h:1024\/q:mauto\/ig:avif\/https:\/\/integration-reflexes.fr\/wp-content\/uploads\/2026\/04\/Les-reflexes-archaiques-au-service-du-lien-2.png\" \/>\n\t<meta property=\"og:image:width\" content=\"724\" \/>\n\t<meta property=\"og:image:height\" content=\"1024\" \/>\n\t<meta property=\"og:image:type\" content=\"image\/png\" \/>\n<meta name=\"twitter:card\" content=\"summary_large_image\" \/>\n<meta name=\"twitter:label1\" content=\"Dur\u00e9e de lecture estim\u00e9e\" \/>\n\t<meta name=\"twitter:data1\" content=\"2 minutes\" \/>\n<script type=\"application\/ld+json\" class=\"yoast-schema-graph\">{\"@context\":\"https:\/\/schema.org\",\"@graph\":[{\"@type\":\"WebPage\",\"@id\":\"https:\/\/integration-reflexes.fr\/?page_id=1366\",\"url\":\"https:\/\/integration-reflexes.fr\/?page_id=1366\",\"name\":\"Les r\u00e9flexes archa\u00efques au service du lien - L&#039;int\u00e9gration des r\u00e9flexes archa\u00efques\",\"isPartOf\":{\"@id\":\"https:\/\/integration-reflexes.fr\/#website\"},\"primaryImageOfPage\":{\"@id\":\"https:\/\/integration-reflexes.fr\/?page_id=1366#primaryimage\"},\"image\":{\"@id\":\"https:\/\/integration-reflexes.fr\/?page_id=1366#primaryimage\"},\"thumbnailUrl\":\"https:\/\/mlrytvlytdru.i.optimole.com\/cb:VgNv.8ac\/w:724\/h:1024\/q:mauto\/ig:avif\/https:\/\/integration-reflexes.fr\/wp-content\/uploads\/2026\/04\/Les-reflexes-archaiques-au-service-du-lien-2.png\",\"datePublished\":\"2026-04-28T08:43:17+00:00\",\"dateModified\":\"2026-04-28T08:43:18+00:00\",\"breadcrumb\":{\"@id\":\"https:\/\/integration-reflexes.fr\/?page_id=1366#breadcrumb\"},\"inLanguage\":\"fr-FR\",\"potentialAction\":[{\"@type\":\"ReadAction\",\"target\":[\"https:\/\/integration-reflexes.fr\/?page_id=1366\"]}]},{\"@type\":\"ImageObject\",\"inLanguage\":\"fr-FR\",\"@id\":\"https:\/\/integration-reflexes.fr\/?page_id=1366#primaryimage\",\"url\":\"https:\/\/mlrytvlytdru.i.optimole.com\/cb:VgNv.8ac\/w:auto\/h:auto\/q:mauto\/ig:avif\/https:\/\/integration-reflexes.fr\/wp-content\/uploads\/2026\/04\/Les-reflexes-archaiques-au-service-du-lien-2.png\",\"contentUrl\":\"https:\/\/mlrytvlytdru.i.optimole.com\/cb:VgNv.8ac\/w:auto\/h:auto\/q:mauto\/ig:avif\/https:\/\/integration-reflexes.fr\/wp-content\/uploads\/2026\/04\/Les-reflexes-archaiques-au-service-du-lien-2.png\",\"width\":1414,\"height\":2000},{\"@type\":\"BreadcrumbList\",\"@id\":\"https:\/\/integration-reflexes.fr\/?page_id=1366#breadcrumb\",\"itemListElement\":[{\"@type\":\"ListItem\",\"position\":1,\"name\":\"Accueil\",\"item\":\"https:\/\/integration-reflexes.fr\/\"},{\"@type\":\"ListItem\",\"position\":2,\"name\":\"Les r\u00e9flexes archa\u00efques au service du lien\"}]},{\"@type\":\"WebSite\",\"@id\":\"https:\/\/integration-reflexes.fr\/#website\",\"url\":\"https:\/\/integration-reflexes.fr\/\",\"name\":\"L&#039;int\u00e9gration des r\u00e9flexes archa\u00efques\",\"description\":\"Re-connecter corps et cerveau pour retrouver un \u00e9quilibre\",\"publisher\":{\"@id\":\"https:\/\/integration-reflexes.fr\/#organization\"},\"potentialAction\":[{\"@type\":\"SearchAction\",\"target\":{\"@type\":\"EntryPoint\",\"urlTemplate\":\"https:\/\/integration-reflexes.fr\/?s={search_term_string}\"},\"query-input\":{\"@type\":\"PropertyValueSpecification\",\"valueRequired\":true,\"valueName\":\"search_term_string\"}}],\"inLanguage\":\"fr-FR\"},{\"@type\":\"Organization\",\"@id\":\"https:\/\/integration-reflexes.fr\/#organization\",\"name\":\"L&#039;int\u00e9gration des r\u00e9flexes archa\u00efques\",\"url\":\"https:\/\/integration-reflexes.fr\/\",\"logo\":{\"@type\":\"ImageObject\",\"inLanguage\":\"fr-FR\",\"@id\":\"https:\/\/integration-reflexes.fr\/#\/schema\/logo\/image\/\",\"url\":\"https:\/\/mlrytvlytdru.i.optimole.com\/w:auto\/h:auto\/q:mauto\/ig:avif\/https:\/\/integration-reflexes.fr\/wp-content\/uploads\/2021\/07\/cropped-cropped-cropped-logo-IR-transparent.png\",\"contentUrl\":\"https:\/\/mlrytvlytdru.i.optimole.com\/w:auto\/h:auto\/q:mauto\/ig:avif\/https:\/\/integration-reflexes.fr\/wp-content\/uploads\/2021\/07\/cropped-cropped-cropped-logo-IR-transparent.png\",\"width\":1500,\"height\":1494,\"caption\":\"L&#039;int\u00e9gration des r\u00e9flexes archa\u00efques\"},\"image\":{\"@id\":\"https:\/\/integration-reflexes.fr\/#\/schema\/logo\/image\/\"}}]}<\/script>\n<!-- \/ Yoast SEO plugin. -->","yoast_head_json":{"title":"Les r\u00e9flexes archa\u00efques au service du lien - L&#039;int\u00e9gration des r\u00e9flexes archa\u00efques","robots":{"index":"index","follow":"follow","max-snippet":"max-snippet:-1","max-image-preview":"max-image-preview:large","max-video-preview":"max-video-preview:-1"},"canonical":"https:\/\/integration-reflexes.fr\/?page_id=1366","og_locale":"fr_FR","og_type":"article","og_title":"Les r\u00e9flexes archa\u00efques au service du lien - L&#039;int\u00e9gration des r\u00e9flexes archa\u00efques","og_description":"Renforcer la connexion avec votre enfant gr\u00e2ce \u00e0 des mouvements simples et naturels Dans le cadre du week-end \u00ab\u00a0Grandir ensemble\u00a0\u00bb, organis\u00e9 par Marinella Rivi\u00e8re, je vous invite \u00e0 d\u00e9couvrir comment les r\u00e9flexes archa\u00efques peuvent devenir un outil pr\u00e9cieux pour cultiver le lien avec votre enfant. Cet atelier, \u00e0 la fois [&hellip;]","og_url":"https:\/\/integration-reflexes.fr\/?page_id=1366","og_site_name":"L&#039;int\u00e9gration des r\u00e9flexes archa\u00efques","article_modified_time":"2026-04-28T08:43:18+00:00","og_image":[{"width":724,"height":1024,"url":"https:\/\/mlrytvlytdru.i.optimole.com\/cb:VgNv.8ac\/w:724\/h:1024\/q:mauto\/ig:avif\/https:\/\/integration-reflexes.fr\/wp-content\/uploads\/2026\/04\/Les-reflexes-archaiques-au-service-du-lien-2.png","type":"image\/png"}],"twitter_card":"summary_large_image","twitter_misc":{"Dur\u00e9e de lecture estim\u00e9e":"2 minutes"},"schema":{"@context":"https:\/\/schema.org","@graph":[{"@type":"WebPage","@id":"https:\/\/integration-reflexes.fr\/?page_id=1366","url":"https:\/\/integration-reflexes.fr\/?page_id=1366","name":"Les r\u00e9flexes archa\u00efques au service du lien - L&#039;int\u00e9gration des r\u00e9flexes archa\u00efques","isPartOf":{"@id":"https:\/\/integration-reflexes.fr\/#website"},"primaryImageOfPage":{"@id":"https:\/\/integration-reflexes.fr\/?page_id=1366#primaryimage"},"image":{"@id":"https:\/\/integration-reflexes.fr\/?page_id=1366#primaryimage"},"thumbnailUrl":"https:\/\/mlrytvlytdru.i.optimole.com\/cb:VgNv.8ac\/w:724\/h:1024\/q:mauto\/ig:avif\/https:\/\/integration-reflexes.fr\/wp-content\/uploads\/2026\/04\/Les-reflexes-archaiques-au-service-du-lien-2.png","datePublished":"2026-04-28T08:43:17+00:00","dateModified":"2026-04-28T08:43:18+00:00","breadcrumb":{"@id":"https:\/\/integration-reflexes.fr\/?page_id=1366#breadcrumb"},"inLanguage":"fr-FR","potentialAction":[{"@type":"ReadAction","target":["https:\/\/integration-reflexes.fr\/?page_id=1366"]}]},{"@type":"ImageObject","inLanguage":"fr-FR","@id":"https:\/\/integration-reflexes.fr\/?page_id=1366#primaryimage","url":"https:\/\/mlrytvlytdru.i.optimole.com\/cb:VgNv.8ac\/w:auto\/h:auto\/q:mauto\/ig:avif\/https:\/\/integration-reflexes.fr\/wp-content\/uploads\/2026\/04\/Les-reflexes-archaiques-au-service-du-lien-2.png","contentUrl":"https:\/\/mlrytvlytdru.i.optimole.com\/cb:VgNv.8ac\/w:auto\/h:auto\/q:mauto\/ig:avif\/https:\/\/integration-reflexes.fr\/wp-content\/uploads\/2026\/04\/Les-reflexes-archaiques-au-service-du-lien-2.png","width":1414,"height":2000},{"@type":"BreadcrumbList","@id":"https:\/\/integration-reflexes.fr\/?page_id=1366#breadcrumb","itemListElement":[{"@type":"ListItem","position":1,"name":"Accueil","item":"https:\/\/integration-reflexes.fr\/"},{"@type":"ListItem","position":2,"name":"Les r\u00e9flexes archa\u00efques au service du lien"}]},{"@type":"WebSite","@id":"https:\/\/integration-reflexes.fr\/#website","url":"https:\/\/integration-reflexes.fr\/","name":"L&#039;int\u00e9gration des r\u00e9flexes archa\u00efques","description":"Re-connecter corps et cerveau pour retrouver un \u00e9quilibre","publisher":{"@id":"https:\/\/integration-reflexes.fr\/#organization"},"potentialAction":[{"@type":"SearchAction","target":{"@type":"EntryPoint","urlTemplate":"https:\/\/integration-reflexes.fr\/?s={search_term_string}"},"query-input":{"@type":"PropertyValueSpecification","valueRequired":true,"valueName":"search_term_string"}}],"inLanguage":"fr-FR"},{"@type":"Organization","@id":"https:\/\/integration-reflexes.fr\/#organization","name":"L&#039;int\u00e9gration des r\u00e9flexes archa\u00efques","url":"https:\/\/integration-reflexes.fr\/","logo":{"@type":"ImageObject","inLanguage":"fr-FR","@id":"https:\/\/integration-reflexes.fr\/#\/schema\/logo\/image\/","url":"https:\/\/mlrytvlytdru.i.optimole.com\/w:auto\/h:auto\/q:mauto\/ig:avif\/https:\/\/integration-reflexes.fr\/wp-content\/uploads\/2021\/07\/cropped-cropped-cropped-logo-IR-transparent.png","contentUrl":"https:\/\/mlrytvlytdru.i.optimole.com\/w:auto\/h:auto\/q:mauto\/ig:avif\/https:\/\/integration-reflexes.fr\/wp-content\/uploads\/2021\/07\/cropped-cropped-cropped-logo-IR-transparent.png","width":1500,"height":1494,"caption":"L&#039;int\u00e9gration des r\u00e9flexes archa\u00efques"},"image":{"@id":"https:\/\/integration-reflexes.fr\/#\/schema\/logo\/image\/"}}]}},"_links":{"self":[{"href":"https:\/\/integration-reflexes.fr\/index.php?rest_route=\/wp\/v2\/pages\/1366","targetHints":{"allow":["GET"]}}],"collection":[{"href":"https:\/\/integration-reflexes.fr\/index.php?rest_route=\/wp\/v2\/pages"}],"about":[{"href":"https:\/\/integration-reflexes.fr\/index.php?rest_route=\/wp\/v2\/types\/page"}],"author":[{"embeddable":true,"href":"https:\/\/integration-reflexes.fr\/index.php?rest_route=\/wp\/v2\/users\/1"}],"replies":[{"embeddable":true,"href":"https:\/\/integration-reflexes.fr\/index.php?rest_route=%2Fwp%2Fv2%2Fcomments&post=1366"}],"version-history":[{"count":3,"href":"https:\/\/integration-reflexes.fr\/index.php?rest_route=\/wp\/v2\/pages\/1366\/revisions"}],"predecessor-version":[{"id":1373,"href":"https:\/\/integration-reflexes.fr\/index.php?rest_route=\/wp\/v2\/pages\/1366\/revisions\/1373"}],"wp:attachment":[{"href":"https:\/\/integration-reflexes.fr\/index.php?rest_route=%2Fwp%2Fv2%2Fmedia&parent=1366"}],"curies":[{"name":"wp","href":"https:\/\/api.w.org\/{rel}","templated":true}]}}