{"id":1017,"date":"2024-07-15T17:16:19","date_gmt":"2024-07-15T15:16:19","guid":{"rendered":"https:\/\/integration-reflexes.fr\/?page_id=1017"},"modified":"2025-07-27T18:05:02","modified_gmt":"2025-07-27T16:05:02","slug":"sexualite-et-reflexes-votre-contribution","status":"publish","type":"page","link":"https:\/\/integration-reflexes.fr\/?page_id=1017","title":{"rendered":"Sexualit\u00e9 f\u00e9minine et r\u00e9flexes archa\u00efques"},"content":{"rendered":"\n<h2 class=\"wp-block-heading\">Les principaux facteurs de baisse du d\u00e9sir sexuel, d&rsquo;apr\u00e8s Plan\u00e8te sant\u00e9 <\/h2>\n\n\n\n<p>(<a href=\"https:\/\/www.planetesante.ch\/Magazine\/Psycho-et-cerveau\/Libido\/Problemes-de-libido-chez-la-femme-un-trouble-sexuel-frequent-mais-mal-connu\">https:\/\/www.planetesante.ch\/Magazine\/Psycho-et-cerveau\/Libido\/Problemes-de-libido-chez-la-femme-un-trouble-sexuel-frequent-mais-mal-connu<\/a>)<\/p>\n\n\n\n<div class=\"wp-block-columns is-layout-flex wp-container-core-columns-is-layout-1 wp-block-columns-is-layout-flex\">\n<div class=\"wp-block-column is-layout-flow wp-block-column-is-layout-flow\">\n<p>Les causes de troubles du d\u00e9sir f\u00e9minin sont multiples. Un certain nombre d\u2019entre elles sont toutefois reconnues comme fr\u00e9quemment pr\u00e9sentes. Premi\u00e8rement, il existe des causes li\u00e9es \u00e0 la sant\u00e9 physique, telles que la fatigue, le manque d\u2019activit\u00e9 physique, certaines maladies g\u00e9n\u00e9tiques, des affections gyn\u00e9cologiques (par exemple infections vaginales) et\/ou urologiques (par exemple cystite), des maladies hormonales, neurologiques et infectieuses, ou encore des maladies chroniques.<\/p>\n<\/div>\n\n\n\n<div class=\"wp-block-column is-layout-flow wp-block-column-is-layout-flow\">\n<figure class=\"wp-block-image size-medium\" id=\"wp-block-themeisle-blocks-image-669f46f7\"><img data-opt-id=1341492964  fetchpriority=\"high\" decoding=\"async\" width=\"300\" height=\"300\" src=\"https:\/\/mlrytvlytdru.i.optimole.com\/w:300\/h:300\/q:mauto\/ig:avif\/https:\/\/integration-reflexes.fr\/wp-content\/uploads\/2025\/02\/emotions-et-reflexes-1.png\" alt=\"\" class=\"wp-image-1149\" srcset=\"https:\/\/mlrytvlytdru.i.optimole.com\/w:300\/h:300\/q:mauto\/ig:avif\/https:\/\/integration-reflexes.fr\/wp-content\/uploads\/2025\/02\/emotions-et-reflexes-1.png 300w, https:\/\/mlrytvlytdru.i.optimole.com\/w:1024\/h:1024\/q:mauto\/ig:avif\/https:\/\/integration-reflexes.fr\/wp-content\/uploads\/2025\/02\/emotions-et-reflexes-1.png 1024w, https:\/\/mlrytvlytdru.i.optimole.com\/w:150\/h:150\/q:mauto\/ig:avif\/https:\/\/integration-reflexes.fr\/wp-content\/uploads\/2025\/02\/emotions-et-reflexes-1.png 150w, https:\/\/mlrytvlytdru.i.optimole.com\/w:768\/h:768\/q:mauto\/ig:avif\/https:\/\/integration-reflexes.fr\/wp-content\/uploads\/2025\/02\/emotions-et-reflexes-1.png 768w, https:\/\/mlrytvlytdru.i.optimole.com\/w:1080\/h:1080\/q:mauto\/ig:avif\/https:\/\/integration-reflexes.fr\/wp-content\/uploads\/2025\/02\/emotions-et-reflexes-1.png 1536w, https:\/\/mlrytvlytdru.i.optimole.com\/w:116\/h:116\/q:mauto\/ig:avif\/https:\/\/integration-reflexes.fr\/wp-content\/uploads\/2025\/02\/emotions-et-reflexes-1.png 116w, https:\/\/mlrytvlytdru.i.optimole.com\/w:1080\/h:1080\/q:mauto\/ig:avif\/https:\/\/integration-reflexes.fr\/wp-content\/uploads\/2025\/02\/emotions-et-reflexes-1.png 2000w\" sizes=\"(max-width: 300px) 100vw, 300px\" \/><\/figure>\n<\/div>\n<\/div>\n\n\n\n<p>La prise de certains m\u00e9dicaments (notamment des antid\u00e9presseurs) peut \u00e9galement \u00eatre la source de troubles du d\u00e9sir, tout comme la consommation de drogues ou d\u2019alcool de mani\u00e8re excessive.<\/p>\n\n\n\n<p>Certains facteurs psychologiques sont aussi connus pour avoir des r\u00e9percussions sur la libido. Le stress et l\u2019anxi\u00e9t\u00e9 bien s\u00fbr, mais \u00e9galement les troubles psychiatriques comme la d\u00e9pression ou les troubles anxieux. Des exp\u00e9riences sexuelles n\u00e9gatives du pass\u00e9, une \u00e9ducation sexuelle rigide, culpabilisante, une aversion envers certaines pratiques sexuelles, des traumatismes sexuels (abus sexuel, viol, etc.) ou encore l\u2019anxi\u00e9t\u00e9 de performance ou la peur de l\u2019\u00e9chec sexuel peuvent avoir d\u2019importants effets n\u00e9gatifs sur le d\u00e9sir.<\/p>\n\n\n\n<p>Enfin, des facteurs relationnels comme une peur de l\u2019engagement, des attentes n\u00e9gatives envers la relation avec le partenaire (peur de l\u2019abandon, de l\u2019infid\u00e9lit\u00e9, etc.), trop de demandes et besoins sexuels du partenaire ou encore un traitement d\u2019infertilit\u00e9 peuvent alt\u00e9rer la libido.<\/p>\n\n\n\n<p>L\u2019important est de rester attentif \u00e0 soi, \u00e0 son corps, et ne pas h\u00e9siter \u00e0 parler de ses doutes avec un sp\u00e9cialiste.<\/p>\n\n\n\n<h2 class=\"wp-block-heading\">Et les r\u00e9flexes archa\u00efques dans tout \u00e7a ?<\/h2>\n\n\n\n<div class=\"wp-block-columns is-layout-flex wp-container-core-columns-is-layout-2 wp-block-columns-is-layout-flex\">\n<div class=\"wp-block-column is-layout-flow wp-block-column-is-layout-flow\">\n<figure class=\"wp-block-image size-medium\" id=\"wp-block-themeisle-blocks-image-4ec38c6b\"><img data-opt-id=1089420499  fetchpriority=\"high\" decoding=\"async\" width=\"300\" height=\"300\" src=\"https:\/\/mlrytvlytdru.i.optimole.com\/w:300\/h:300\/q:mauto\/ig:avif\/https:\/\/integration-reflexes.fr\/wp-content\/uploads\/2025\/02\/emotions-et-reflexes.png\" alt=\"\" class=\"wp-image-1150\" srcset=\"https:\/\/mlrytvlytdru.i.optimole.com\/w:300\/h:300\/q:mauto\/ig:avif\/https:\/\/integration-reflexes.fr\/wp-content\/uploads\/2025\/02\/emotions-et-reflexes.png 300w, https:\/\/mlrytvlytdru.i.optimole.com\/w:1024\/h:1024\/q:mauto\/ig:avif\/https:\/\/integration-reflexes.fr\/wp-content\/uploads\/2025\/02\/emotions-et-reflexes.png 1024w, https:\/\/mlrytvlytdru.i.optimole.com\/w:150\/h:150\/q:mauto\/ig:avif\/https:\/\/integration-reflexes.fr\/wp-content\/uploads\/2025\/02\/emotions-et-reflexes.png 150w, https:\/\/mlrytvlytdru.i.optimole.com\/w:768\/h:768\/q:mauto\/ig:avif\/https:\/\/integration-reflexes.fr\/wp-content\/uploads\/2025\/02\/emotions-et-reflexes.png 768w, https:\/\/mlrytvlytdru.i.optimole.com\/w:1080\/h:1080\/q:mauto\/ig:avif\/https:\/\/integration-reflexes.fr\/wp-content\/uploads\/2025\/02\/emotions-et-reflexes.png 1536w, https:\/\/mlrytvlytdru.i.optimole.com\/w:116\/h:116\/q:mauto\/ig:avif\/https:\/\/integration-reflexes.fr\/wp-content\/uploads\/2025\/02\/emotions-et-reflexes.png 116w, https:\/\/mlrytvlytdru.i.optimole.com\/w:1080\/h:1080\/q:mauto\/ig:avif\/https:\/\/integration-reflexes.fr\/wp-content\/uploads\/2025\/02\/emotions-et-reflexes.png 2000w\" sizes=\"(max-width: 300px) 100vw, 300px\" \/><\/figure>\n<\/div>\n\n\n\n<div class=\"wp-block-column is-layout-flow wp-block-column-is-layout-flow\">\n<p>Si les r\u00e9flexes archa\u00efques n&rsquo;ont aucun r\u00f4le dans les maladies, ils ont en revanche une part de responsabilit\u00e9 dans les probl\u00e9matiques telles que la fatigue, le stress, l&rsquo;anxi\u00e9t\u00e9, la difficult\u00e9 de l\u00e2cher prise ou encore le sentiment d&rsquo;ins\u00e9curit\u00e9 ou l&rsquo;hypervigilance.<\/p>\n\n\n\n<p>C&rsquo;est donc par ce biais qu&rsquo;un travail en int\u00e9gration des r\u00e9flexes archa\u00efques peut s&rsquo;av\u00e9rer pertinent.<\/p>\n<\/div>\n<\/div>\n\n\n\n<p> Forte de nombreux accompagnements autour de la sexualit\u00e9 et des r\u00e9flexes archa\u00efques, j&rsquo;ai travaill\u00e9 aupr\u00e8s des accompagn\u00e9es sur les r\u00e9flexes de Moro, de paralysie par la peur ou encore du parachute ou de l&rsquo;attachement. <\/p>\n\n\n\n<p>Ce travail permet aux femmes souffrant d&rsquo;une baisse voire d&rsquo;une absence de d\u00e9sir de se reconnecter \u00e0 leur corps, gr\u00e2ce \u00e0 des mouvements r\u00e9flexes (sans aucun caract\u00e8re sexuel) afin de se r\u00e9approprier leurs envies et leur plaisir.<\/p>\n\n\n\n<div class=\"wp-block-buttons is-content-justification-center is-layout-flex wp-container-core-buttons-is-layout-1 wp-block-buttons-is-layout-flex\">\n<div class=\"wp-block-button\"><a class=\"wp-block-button__link has-accent-background-color has-background has-text-align-center wp-element-button\" href=\"https:\/\/www.resalib.fr\/praticien\/45284-sophie-capon-praticien-en-integration-des-reflexes-archaiques-bouguenais#newrdvmodal\" target=\"_blank\" rel=\"noreferrer noopener\">Prendre rendez-vous<\/a><\/div>\n<\/div>\n\n\n\n<h2 class=\"wp-block-heading\">Une \u00e9tude sur le lien entre r\u00e9flexes archa\u00efques et sexualit\u00e9<\/h2>\n\n\n\n<p>Un questionnaire anonyme est accessible, afin de contribuer aux \u00e9tudes sur les liens entre r\u00e9flexes et sexualit\u00e9. <\/p>\n\n\n\n<div class=\"wp-block-buttons is-content-justification-center is-layout-flex wp-container-core-buttons-is-layout-2 wp-block-buttons-is-layout-flex\">\n<div class=\"wp-block-button\"><a class=\"wp-block-button__link has-accent-background-color has-background has-text-align-center wp-element-button\" href=\"https:\/\/forms.gle\/vNnV5rZEC6VxVV4h9\">Remplir le questionnaire sur la sexualit\u00e9<\/a><\/div>\n<\/div>\n\n\n\n<p><\/p>\n\n\n\n<p><a href=\"https:\/\/information.tv5monde.com\/terriennes\/enquete-femmes-et-sexualite-en-avoir-ou-pas-2708024?xtor=SEC-7-GOO-[INFO_SE]-[119843614474]-S-[]&amp;gad_source=5&amp;gclid=EAIaIQobChMInIObjPfUiwMVDgIGAB1eOyf1EAAYAiAAEgLtxPD_BwE\">https:\/\/information.tv5monde.com\/terriennes\/enquete-femmes-et-sexualite-en-avoir-ou-pas-2708024?xtor=SEC-7-GOO-[INFO_SE]-[119843614474]-S-[]&amp;gad_source=5&amp;gclid=EAIaIQobChMInIObjPfUiwMVDgIGAB1eOyf1EAAYAiAAEgLtxPD_BwE<\/a><\/p>\n\n\n\n<p class=\"has-text-align-center\">Sophie CAPON<br>Praticienne en Int\u00e9gration des r\u00e9flexes archa\u00efques<br>La Maison des colibris &#8211; 77 ter rue Jean Mermoz &#8211; 44340 BOUGUENAIS<br>02 85 52 25 96<\/p>\n","protected":false},"excerpt":{"rendered":"<p>Les principaux facteurs de baisse du d\u00e9sir sexuel, d&rsquo;apr\u00e8s Plan\u00e8te sant\u00e9 (https:\/\/www.planetesante.ch\/Magazine\/Psycho-et-cerveau\/Libido\/Problemes-de-libido-chez-la-femme-un-trouble-sexuel-frequent-mais-mal-connu) Les causes de troubles du d\u00e9sir f\u00e9minin sont multiples. Un certain nombre d\u2019entre elles sont toutefois reconnues comme fr\u00e9quemment pr\u00e9sentes. Premi\u00e8rement, il existe des causes li\u00e9es \u00e0 la sant\u00e9 physique, telles que la fatigue, le manque d\u2019activit\u00e9 physique, [&hellip;]<\/p>\n","protected":false},"author":1,"featured_media":0,"parent":0,"menu_order":0,"comment_status":"closed","ping_status":"closed","template":"","meta":{"_themeisle_gutenberg_block_has_review":false,"footnotes":""},"class_list":["post-1017","page","type-page","status-publish","hentry"],"yoast_head":"<!-- This site is optimized with the Yoast SEO plugin v25.5 - https:\/\/yoast.com\/wordpress\/plugins\/seo\/ -->\n<title>Sexualit\u00e9 f\u00e9minine et r\u00e9flexes archa\u00efques - L&#039;int\u00e9gration des r\u00e9flexes archa\u00efques<\/title>\n<meta name=\"robots\" content=\"index, follow, max-snippet:-1, max-image-preview:large, max-video-preview:-1\" \/>\n<link rel=\"canonical\" href=\"https:\/\/integration-reflexes.fr\/?page_id=1017\" \/>\n<meta property=\"og:locale\" content=\"fr_FR\" \/>\n<meta property=\"og:type\" content=\"article\" \/>\n<meta property=\"og:title\" content=\"Sexualit\u00e9 f\u00e9minine et r\u00e9flexes archa\u00efques - L&#039;int\u00e9gration des r\u00e9flexes archa\u00efques\" \/>\n<meta property=\"og:description\" content=\"Les principaux facteurs de baisse du d\u00e9sir sexuel, d&rsquo;apr\u00e8s Plan\u00e8te sant\u00e9 (https:\/\/www.planetesante.ch\/Magazine\/Psycho-et-cerveau\/Libido\/Problemes-de-libido-chez-la-femme-un-trouble-sexuel-frequent-mais-mal-connu) Les causes de troubles du d\u00e9sir f\u00e9minin sont multiples. Un certain nombre d\u2019entre elles sont toutefois reconnues comme fr\u00e9quemment pr\u00e9sentes. Premi\u00e8rement, il existe des causes li\u00e9es \u00e0 la sant\u00e9 physique, telles que la fatigue, le manque d\u2019activit\u00e9 physique, [&hellip;]\" \/>\n<meta property=\"og:url\" content=\"https:\/\/integration-reflexes.fr\/?page_id=1017\" \/>\n<meta property=\"og:site_name\" content=\"L&#039;int\u00e9gration des r\u00e9flexes archa\u00efques\" \/>\n<meta property=\"article:modified_time\" content=\"2025-07-27T16:05:02+00:00\" \/>\n<meta property=\"og:image\" content=\"https:\/\/mlrytvlytdru.i.optimole.com\/w:300\/h:300\/q:mauto\/ig:avif\/https:\/\/integration-reflexes.fr\/wp-content\/uploads\/2025\/02\/emotions-et-reflexes-1.png\" \/>\n<meta name=\"twitter:card\" content=\"summary_large_image\" \/>\n<meta name=\"twitter:label1\" content=\"Dur\u00e9e de lecture estim\u00e9e\" \/>\n\t<meta name=\"twitter:data1\" content=\"3 minutes\" \/>\n<script type=\"application\/ld+json\" class=\"yoast-schema-graph\">{\"@context\":\"https:\/\/schema.org\",\"@graph\":[{\"@type\":\"WebPage\",\"@id\":\"https:\/\/integration-reflexes.fr\/?page_id=1017\",\"url\":\"https:\/\/integration-reflexes.fr\/?page_id=1017\",\"name\":\"Sexualit\u00e9 f\u00e9minine et r\u00e9flexes archa\u00efques - L&#039;int\u00e9gration des r\u00e9flexes archa\u00efques\",\"isPartOf\":{\"@id\":\"https:\/\/integration-reflexes.fr\/#website\"},\"primaryImageOfPage\":{\"@id\":\"https:\/\/integration-reflexes.fr\/?page_id=1017#primaryimage\"},\"image\":{\"@id\":\"https:\/\/integration-reflexes.fr\/?page_id=1017#primaryimage\"},\"thumbnailUrl\":\"https:\/\/mlrytvlytdru.i.optimole.com\/w:300\/h:300\/q:mauto\/ig:avif\/https:\/\/integration-reflexes.fr\/wp-content\/uploads\/2025\/02\/emotions-et-reflexes-1.png\",\"datePublished\":\"2024-07-15T15:16:19+00:00\",\"dateModified\":\"2025-07-27T16:05:02+00:00\",\"breadcrumb\":{\"@id\":\"https:\/\/integration-reflexes.fr\/?page_id=1017#breadcrumb\"},\"inLanguage\":\"fr-FR\",\"potentialAction\":[{\"@type\":\"ReadAction\",\"target\":[\"https:\/\/integration-reflexes.fr\/?page_id=1017\"]}]},{\"@type\":\"ImageObject\",\"inLanguage\":\"fr-FR\",\"@id\":\"https:\/\/integration-reflexes.fr\/?page_id=1017#primaryimage\",\"url\":\"https:\/\/mlrytvlytdru.i.optimole.com\/w:auto\/h:auto\/q:mauto\/ig:avif\/https:\/\/integration-reflexes.fr\/wp-content\/uploads\/2025\/02\/emotions-et-reflexes-1.png\",\"contentUrl\":\"https:\/\/mlrytvlytdru.i.optimole.com\/w:auto\/h:auto\/q:mauto\/ig:avif\/https:\/\/integration-reflexes.fr\/wp-content\/uploads\/2025\/02\/emotions-et-reflexes-1.png\",\"width\":2000,\"height\":2000},{\"@type\":\"BreadcrumbList\",\"@id\":\"https:\/\/integration-reflexes.fr\/?page_id=1017#breadcrumb\",\"itemListElement\":[{\"@type\":\"ListItem\",\"position\":1,\"name\":\"Accueil\",\"item\":\"https:\/\/integration-reflexes.fr\/\"},{\"@type\":\"ListItem\",\"position\":2,\"name\":\"Sexualit\u00e9 f\u00e9minine et r\u00e9flexes archa\u00efques\"}]},{\"@type\":\"WebSite\",\"@id\":\"https:\/\/integration-reflexes.fr\/#website\",\"url\":\"https:\/\/integration-reflexes.fr\/\",\"name\":\"L&#039;int\u00e9gration des r\u00e9flexes archa\u00efques\",\"description\":\"Re-connecter corps et cerveau pour retrouver un \u00e9quilibre\",\"publisher\":{\"@id\":\"https:\/\/integration-reflexes.fr\/#organization\"},\"potentialAction\":[{\"@type\":\"SearchAction\",\"target\":{\"@type\":\"EntryPoint\",\"urlTemplate\":\"https:\/\/integration-reflexes.fr\/?s={search_term_string}\"},\"query-input\":{\"@type\":\"PropertyValueSpecification\",\"valueRequired\":true,\"valueName\":\"search_term_string\"}}],\"inLanguage\":\"fr-FR\"},{\"@type\":\"Organization\",\"@id\":\"https:\/\/integration-reflexes.fr\/#organization\",\"name\":\"L&#039;int\u00e9gration des r\u00e9flexes archa\u00efques\",\"url\":\"https:\/\/integration-reflexes.fr\/\",\"logo\":{\"@type\":\"ImageObject\",\"inLanguage\":\"fr-FR\",\"@id\":\"https:\/\/integration-reflexes.fr\/#\/schema\/logo\/image\/\",\"url\":\"https:\/\/mlrytvlytdru.i.optimole.com\/w:auto\/h:auto\/q:mauto\/ig:avif\/https:\/\/integration-reflexes.fr\/wp-content\/uploads\/2021\/07\/cropped-cropped-cropped-logo-IR-transparent.png\",\"contentUrl\":\"https:\/\/mlrytvlytdru.i.optimole.com\/w:auto\/h:auto\/q:mauto\/ig:avif\/https:\/\/integration-reflexes.fr\/wp-content\/uploads\/2021\/07\/cropped-cropped-cropped-logo-IR-transparent.png\",\"width\":1500,\"height\":1494,\"caption\":\"L&#039;int\u00e9gration des r\u00e9flexes archa\u00efques\"},\"image\":{\"@id\":\"https:\/\/integration-reflexes.fr\/#\/schema\/logo\/image\/\"}}]}<\/script>\n<!-- \/ Yoast SEO plugin. -->","yoast_head_json":{"title":"Sexualit\u00e9 f\u00e9minine et r\u00e9flexes archa\u00efques - L&#039;int\u00e9gration des r\u00e9flexes archa\u00efques","robots":{"index":"index","follow":"follow","max-snippet":"max-snippet:-1","max-image-preview":"max-image-preview:large","max-video-preview":"max-video-preview:-1"},"canonical":"https:\/\/integration-reflexes.fr\/?page_id=1017","og_locale":"fr_FR","og_type":"article","og_title":"Sexualit\u00e9 f\u00e9minine et r\u00e9flexes archa\u00efques - L&#039;int\u00e9gration des r\u00e9flexes archa\u00efques","og_description":"Les principaux facteurs de baisse du d\u00e9sir sexuel, d&rsquo;apr\u00e8s Plan\u00e8te sant\u00e9 (https:\/\/www.planetesante.ch\/Magazine\/Psycho-et-cerveau\/Libido\/Problemes-de-libido-chez-la-femme-un-trouble-sexuel-frequent-mais-mal-connu) Les causes de troubles du d\u00e9sir f\u00e9minin sont multiples. Un certain nombre d\u2019entre elles sont toutefois reconnues comme fr\u00e9quemment pr\u00e9sentes. Premi\u00e8rement, il existe des causes li\u00e9es \u00e0 la sant\u00e9 physique, telles que la fatigue, le manque d\u2019activit\u00e9 physique, [&hellip;]","og_url":"https:\/\/integration-reflexes.fr\/?page_id=1017","og_site_name":"L&#039;int\u00e9gration des r\u00e9flexes archa\u00efques","article_modified_time":"2025-07-27T16:05:02+00:00","og_image":[{"url":"https:\/\/mlrytvlytdru.i.optimole.com\/w:300\/h:300\/q:mauto\/ig:avif\/https:\/\/integration-reflexes.fr\/wp-content\/uploads\/2025\/02\/emotions-et-reflexes-1.png","type":"","width":"","height":""}],"twitter_card":"summary_large_image","twitter_misc":{"Dur\u00e9e de lecture estim\u00e9e":"3 minutes"},"schema":{"@context":"https:\/\/schema.org","@graph":[{"@type":"WebPage","@id":"https:\/\/integration-reflexes.fr\/?page_id=1017","url":"https:\/\/integration-reflexes.fr\/?page_id=1017","name":"Sexualit\u00e9 f\u00e9minine et r\u00e9flexes archa\u00efques - L&#039;int\u00e9gration des r\u00e9flexes archa\u00efques","isPartOf":{"@id":"https:\/\/integration-reflexes.fr\/#website"},"primaryImageOfPage":{"@id":"https:\/\/integration-reflexes.fr\/?page_id=1017#primaryimage"},"image":{"@id":"https:\/\/integration-reflexes.fr\/?page_id=1017#primaryimage"},"thumbnailUrl":"https:\/\/mlrytvlytdru.i.optimole.com\/w:300\/h:300\/q:mauto\/ig:avif\/https:\/\/integration-reflexes.fr\/wp-content\/uploads\/2025\/02\/emotions-et-reflexes-1.png","datePublished":"2024-07-15T15:16:19+00:00","dateModified":"2025-07-27T16:05:02+00:00","breadcrumb":{"@id":"https:\/\/integration-reflexes.fr\/?page_id=1017#breadcrumb"},"inLanguage":"fr-FR","potentialAction":[{"@type":"ReadAction","target":["https:\/\/integration-reflexes.fr\/?page_id=1017"]}]},{"@type":"ImageObject","inLanguage":"fr-FR","@id":"https:\/\/integration-reflexes.fr\/?page_id=1017#primaryimage","url":"https:\/\/mlrytvlytdru.i.optimole.com\/w:auto\/h:auto\/q:mauto\/ig:avif\/https:\/\/integration-reflexes.fr\/wp-content\/uploads\/2025\/02\/emotions-et-reflexes-1.png","contentUrl":"https:\/\/mlrytvlytdru.i.optimole.com\/w:auto\/h:auto\/q:mauto\/ig:avif\/https:\/\/integration-reflexes.fr\/wp-content\/uploads\/2025\/02\/emotions-et-reflexes-1.png","width":2000,"height":2000},{"@type":"BreadcrumbList","@id":"https:\/\/integration-reflexes.fr\/?page_id=1017#breadcrumb","itemListElement":[{"@type":"ListItem","position":1,"name":"Accueil","item":"https:\/\/integration-reflexes.fr\/"},{"@type":"ListItem","position":2,"name":"Sexualit\u00e9 f\u00e9minine et r\u00e9flexes archa\u00efques"}]},{"@type":"WebSite","@id":"https:\/\/integration-reflexes.fr\/#website","url":"https:\/\/integration-reflexes.fr\/","name":"L&#039;int\u00e9gration des r\u00e9flexes archa\u00efques","description":"Re-connecter corps et cerveau pour retrouver un \u00e9quilibre","publisher":{"@id":"https:\/\/integration-reflexes.fr\/#organization"},"potentialAction":[{"@type":"SearchAction","target":{"@type":"EntryPoint","urlTemplate":"https:\/\/integration-reflexes.fr\/?s={search_term_string}"},"query-input":{"@type":"PropertyValueSpecification","valueRequired":true,"valueName":"search_term_string"}}],"inLanguage":"fr-FR"},{"@type":"Organization","@id":"https:\/\/integration-reflexes.fr\/#organization","name":"L&#039;int\u00e9gration des r\u00e9flexes archa\u00efques","url":"https:\/\/integration-reflexes.fr\/","logo":{"@type":"ImageObject","inLanguage":"fr-FR","@id":"https:\/\/integration-reflexes.fr\/#\/schema\/logo\/image\/","url":"https:\/\/mlrytvlytdru.i.optimole.com\/w:auto\/h:auto\/q:mauto\/ig:avif\/https:\/\/integration-reflexes.fr\/wp-content\/uploads\/2021\/07\/cropped-cropped-cropped-logo-IR-transparent.png","contentUrl":"https:\/\/mlrytvlytdru.i.optimole.com\/w:auto\/h:auto\/q:mauto\/ig:avif\/https:\/\/integration-reflexes.fr\/wp-content\/uploads\/2021\/07\/cropped-cropped-cropped-logo-IR-transparent.png","width":1500,"height":1494,"caption":"L&#039;int\u00e9gration des r\u00e9flexes archa\u00efques"},"image":{"@id":"https:\/\/integration-reflexes.fr\/#\/schema\/logo\/image\/"}}]}},"_links":{"self":[{"href":"https:\/\/integration-reflexes.fr\/index.php?rest_route=\/wp\/v2\/pages\/1017","targetHints":{"allow":["GET"]}}],"collection":[{"href":"https:\/\/integration-reflexes.fr\/index.php?rest_route=\/wp\/v2\/pages"}],"about":[{"href":"https:\/\/integration-reflexes.fr\/index.php?rest_route=\/wp\/v2\/types\/page"}],"author":[{"embeddable":true,"href":"https:\/\/integration-reflexes.fr\/index.php?rest_route=\/wp\/v2\/users\/1"}],"replies":[{"embeddable":true,"href":"https:\/\/integration-reflexes.fr\/index.php?rest_route=%2Fwp%2Fv2%2Fcomments&post=1017"}],"version-history":[{"count":15,"href":"https:\/\/integration-reflexes.fr\/index.php?rest_route=\/wp\/v2\/pages\/1017\/revisions"}],"predecessor-version":[{"id":1364,"href":"https:\/\/integration-reflexes.fr\/index.php?rest_route=\/wp\/v2\/pages\/1017\/revisions\/1364"}],"wp:attachment":[{"href":"https:\/\/integration-reflexes.fr\/index.php?rest_route=%2Fwp%2Fv2%2Fmedia&parent=1017"}],"curies":[{"name":"wp","href":"https:\/\/api.w.org\/{rel}","templated":true}]}}